{"version":"1.0","provider_name":"Table de Terroir","provider_url":"https:\/\/tabledeterroir.be\/de\/","author_name":"admin","author_url":"https:\/\/tabledeterroir.be\/de\/author\/apaqw_admin\/","title":"Hors Champs - Table de Terroir","type":"rich","width":600,"height":338,"html":"<blockquote class=\"wp-embedded-content\" data-secret=\"EABHgXgQgb\"><a href=\"https:\/\/tabledeterroir.be\/de\/restaurant\/hors-champs\/\">Hors Champs<\/a><\/blockquote><iframe sandbox=\"allow-scripts\" security=\"restricted\" src=\"https:\/\/tabledeterroir.be\/de\/restaurant\/hors-champs\/embed\/#?secret=EABHgXgQgb\" width=\"600\" height=\"338\" title=\"&#8222;Hors Champs&#8220; &#8211; Table de Terroir\" data-secret=\"EABHgXgQgb\" frameborder=\"0\" marginwidth=\"0\" marginheight=\"0\" scrolling=\"no\" class=\"wp-embedded-content\"><\/iframe><script>\n\/*! This file is auto-generated *\/\n!function(d,l){\"use strict\";l.querySelector&&d.addEventListener&&\"undefined\"!=typeof URL&&(d.wp=d.wp||{},d.wp.receiveEmbedMessage||(d.wp.receiveEmbedMessage=function(e){var t=e.data;if((t||t.secret||t.message||t.value)&&!\/[^a-zA-Z0-9]\/.test(t.secret)){for(var s,r,n,a=l.querySelectorAll('iframe[data-secret=\"'+t.secret+'\"]'),o=l.querySelectorAll('blockquote[data-secret=\"'+t.secret+'\"]'),c=new RegExp(\"^https?:$\",\"i\"),i=0;i<o.length;i++)o[i].style.display=\"none\";for(i=0;i<a.length;i++)s=a[i],e.source===s.contentWindow&&(s.removeAttribute(\"style\"),\"height\"===t.message?(1e3<(r=parseInt(t.value,10))?r=1e3:~~r<200&&(r=200),s.height=r):\"link\"===t.message&&(r=new URL(s.getAttribute(\"src\")),n=new URL(t.value),c.test(n.protocol))&&n.host===r.host&&l.activeElement===s&&(d.top.location.href=t.value))}},d.addEventListener(\"message\",d.wp.receiveEmbedMessage,!1),l.addEventListener(\"DOMContentLoaded\",function(){for(var e,t,s=l.querySelectorAll(\"iframe.wp-embedded-content\"),r=0;r<s.length;r++)(t=(e=s[r]).getAttribute(\"data-secret\"))||(t=Math.random().toString(36).substring(2,12),e.src+=\"#?secret=\"+t,e.setAttribute(\"data-secret\",t)),e.contentWindow.postMessage({message:\"ready\",secret:t},\"*\")},!1)))}(window,document);\n\/\/# sourceURL=https:\/\/tabledeterroir.be\/wp-includes\/js\/wp-embed.min.js\n<\/script>\n","thumbnail_url":"https:\/\/tabledeterroir.be\/wp-content\/uploads\/sites\/26\/2023\/07\/DSC00536-min-scaled.jpg","thumbnail_width":2560,"thumbnail_height":1710,"description":"Install\u00e9 dans une superbe ferme en carr\u00e9 r\u00e9nov\u00e9e en octobre 2019, cet \u00e9tablissement incarne une approche culinaire moderne et respectueuse des produits locaux. Le chef, Stefan Jacobs, privil\u00e9gie le local, le rythme des saisons et [&hellip;]"}